{"id":2093,"date":"2020-11-30T10:32:00","date_gmt":"2020-11-30T09:32:00","guid":{"rendered":"https:\/\/architecturalpress.org\/?page_id=2093"},"modified":"2020-11-30T11:34:20","modified_gmt":"2020-11-30T10:34:20","slug":"politique-de-confidentialite","status":"publish","type":"page","link":"https:\/\/architecturalpress.org\/index.php\/politique-de-confidentialite\/","title":{"rendered":"Politique de confidentialit\u00e9"},"content":{"rendered":"\n<h3 class=\"wp-block-heading\" id=\"introduction\">Introduction<\/h3>\n\n\n\n<p>Dans le cadre de son activit\u00e9, l&rsquo;association Presses Architecturales de Lyon, dont le si\u00e8ge social est situ\u00e9 au 20 rue Ren\u00e9 Leynaud, 69001 Lyon, France, est amen\u00e9e \u00e0 collecter et \u00e0 traiter des informations dont certaines sont qualifi\u00e9es de \u00ab\u00a0donn\u00e9es personnelles\u00a0\u00bb. Les Presses architecturales de Lyon attachent une grande importance au respect de la vie priv\u00e9e, et n\u2019utilise que des donn\u00e9es de mani\u00e8re responsable et confidentielle et dans une finalit\u00e9 pr\u00e9cise.<\/p>\n\n\n\n<h3 class=\"wp-block-heading\" id=\"donn-es-personnelles\">Donn\u00e9es personnelles<\/h3>\n\n\n\n<p>L&rsquo;association Presses architecturales de Lyon enregistre des donn\u00e9es personnelles sur ses membres au travers de son registre des membres dans le respect de la loi, limitant ces donn\u00e9es au strict n\u00e9cessaire.<\/p>\n\n\n\n<p>Sur le site web architecturalpress.org, il y a deux types de donn\u00e9es susceptibles d\u2019\u00eatre recueillies :<\/p>\n\n\n\n<ul class=\"wp-block-list\"><li><strong>Les donn\u00e9es transmises directement<\/strong><br>Ces donn\u00e9es sont celles que vous nous transmettez directement, via un formulaire de contact ou bien par contact direct par email. Certains champs de formulaire sont obligatoires afin de pouvoir simplement vous contacter. <\/li><li><strong>Les donn\u00e9es collect\u00e9es automatiquement<\/strong><br>Lors de vos visites, une fois votre consentement donn\u00e9, le site utilise des donn\u00e9es collect\u00e9es automatiquement. Pour pas d&rsquo;information, vous r\u00e9f\u00e9rer \u00e0 la page \u00ab\u00a0<a href=\"https:\/\/architecturalpress.org\/index.php\/politique-de-cookies-ue\/\">politique de cookies<\/a>\u00ab\u00a0.<\/li><\/ul>\n\n\n\n<h3 class=\"wp-block-heading\" id=\"utilisation-des-donn-es\">Utilisation des donn\u00e9es<\/h3>\n\n\n\n<p>Les donn\u00e9es que vous nous transmettez directement sont utilis\u00e9es dans le but de vous re-contacter et\/ou dans le cadre de la demande que vous nous faites.<br>Les donn\u00e9es collect\u00e9es automatiquement sont utilis\u00e9es dans le cadre de notre \u00ab\u00a0<a href=\"https:\/\/architecturalpress.org\/index.php\/politique-de-cookies-ue\/\">politique de cookies<\/a>\u00ab\u00a0<\/p>\n\n\n\n<h3 class=\"wp-block-heading\" id=\"dur-e-de-conservation\">Dur\u00e9e de conservation<\/h3>\n\n\n\n<p>Les donn\u00e9es transmises directement seront conserv\u00e9es  pour une dur\u00e9e permettant de traiter la demande plus trois ans maximum. Cela concerne les demandes, les ventes, les donn\u00e9es sur les membres de l&rsquo;association. Ces donn\u00e9es <\/p>\n\n\n\n<p>Les donn\u00e9es collect\u00e9es automatiquement seront sauvegard\u00e9es durant une dur\u00e9e maximale indiqu\u00e9e sur la page \u00ab\u00a0<a href=\"https:\/\/architecturalpress.org\/index.php\/politique-de-cookies-ue\/\">politique de cookies<\/a> \u00ab\u00a0. <\/p>\n\n\n\n<h3 class=\"wp-block-heading\" id=\"cookies\">Cookies<\/h3>\n\n\n\n<p>Veuillez vous r\u00e9f\u00e9rer \u00e0 la page d\u00e9di\u00e9e \u00ab\u00a0<a href=\"https:\/\/architecturalpress.org\/index.php\/politique-de-cookies-ue\/\">politique de cookies<\/a>\u00ab\u00a0.<\/p>\n\n\n\n<h3 class=\"wp-block-heading\" id=\"vos-droits-concernant-les-donn-es-personnelles\">Vos droits concernant les donn\u00e9es personnelles<\/h3>\n\n\n\n<p>Vous avez le droit de consultation, demande de modification ou d\u2019effacement sur l\u2019ensemble de vos donn\u00e9es personnelles. Vous pouvez \u00e9galement retirer votre consentement au traitement de vos donn\u00e9es.<\/p>\n\n\n\n<h3 class=\"wp-block-heading\" id=\"contact-d-l-gu-la-protection-des-donn-es\">Contact d\u00e9l\u00e9gu\u00e9 \u00e0 la protection des donn\u00e9es<\/h3>\n\n\n\n<p>Presses architecturales de Lyon<br>20 Rue Ren\u00e9 Leynaud, 69001 Lyon<br>France<\/p>\n\n\n\n<p>site web : <a href=\"https:\/\/architecturalpress.org\/\">https:\/\/architecturalpress.org\/<\/a><br>courriel veuillez utiliser le <a href=\"https:\/\/architecturalpress.org\/index.php\/contact\/\">formulaire<\/a> (en indiquant \u00ab\u00a0mes donn\u00e9es personnelles\u00a0\u00bb dans l&rsquo;objet) ou l&rsquo;adresse donn\u00e9e en bas de \u00ab\u00a0<a href=\"https:\/\/architecturalpress.org\/index.php\/politique-de-cookies-ue\/\">politique de cookies<\/a>\u00ab\u00a0.<\/p>\n","protected":false},"excerpt":{"rendered":"<p>Introduction Dans le cadre de son activit\u00e9, l&rsquo;association Presses Architecturales de Lyon, dont le si\u00e8ge social est situ\u00e9 au 20 rue Ren\u00e9 Leynaud, 69001 Lyon, France, est amen\u00e9e \u00e0 collecter et \u00e0 traiter des informations dont certaines sont qualifi\u00e9es de \u00ab\u00a0donn\u00e9es personnelles\u00a0\u00bb. Les Presses architecturales de Lyon attachent une grande importance au respect de la [&hellip;]<\/p>\n","protected":false},"author":1,"featured_media":0,"parent":0,"menu_order":0,"comment_status":"closed","ping_status":"closed","template":"","meta":{"footnotes":""},"class_list":["post-2093","page","type-page","status-publish","hentry"],"jetpack_sharing_enabled":true,"jetpack_shortlink":"https:\/\/wp.me\/PaTzwY-xL","_links":{"self":[{"href":"https:\/\/architecturalpress.org\/index.php\/wp-json\/wp\/v2\/pages\/2093","targetHints":{"allow":["GET"]}}],"collection":[{"href":"https:\/\/architecturalpress.org\/index.php\/wp-json\/wp\/v2\/pages"}],"about":[{"href":"https:\/\/architecturalpress.org\/index.php\/wp-json\/wp\/v2\/types\/page"}],"author":[{"embeddable":true,"href":"https:\/\/architecturalpress.org\/index.php\/wp-json\/wp\/v2\/users\/1"}],"replies":[{"embeddable":true,"href":"https:\/\/architecturalpress.org\/index.php\/wp-json\/wp\/v2\/comments?post=2093"}],"version-history":[{"count":0,"href":"https:\/\/architecturalpress.org\/index.php\/wp-json\/wp\/v2\/pages\/2093\/revisions"}],"wp:attachment":[{"href":"https:\/\/architecturalpress.org\/index.php\/wp-json\/wp\/v2\/media?parent=2093"}],"curies":[{"name":"wp","href":"https:\/\/api.w.org\/{rel}","templated":true}]}}