{"id":3444,"date":"2025-07-31T11:46:43","date_gmt":"2025-07-31T09:46:43","guid":{"rendered":"https:\/\/architecturalpress.org\/?post_type=product&#038;p=3444"},"modified":"2025-12-01T10:46:43","modified_gmt":"2025-12-01T09:46:43","slug":"carnet-de-projets-castellane-2024-architecture-et-preservation-de-la-ressource-en-eau","status":"publish","type":"product","link":"https:\/\/architecturalpress.org\/index.php\/product\/carnet-de-projets-castellane-2024-architecture-et-preservation-de-la-ressource-en-eau\/","title":{"rendered":"CARNET DE PROJETS &#8211; CASTELLANE 2024 &#8211; Architecture et pr\u00e9servation de la ressource en eau"},"content":{"rendered":"\r\n\r\n\r\n<p>Ce carnet de projets documente un semestre d\u2019enseignement dans le cadre du domaine de master <i>Architecture, Ressources et R\u00e9silience<\/i> (A2Res) de l\u2019ENSAL. Le terrain d\u2019\u00e9tude \u2013 la commune de Castellane, dans la vall\u00e9e du Verdon \u2013 a servi de support \u00e0 une r\u00e9flexion approfondie sur les liens entre projet architectural, territoires en transition et gestion de la ressource en eau.<\/p>\r\n<div class=\"page\" title=\"Page 76\">\r\n<div class=\"layoutArea\">\r\n<div class=\"column\">\r\n<p class=\"p1\">\u00c0 travers une p\u00e9dagogie immersive m\u00ealant diagnostic territorial, enqu\u00eates habitant\u00b7es, cours sp\u00e9cialis\u00e9s et ateliers intensifs, les \u00e9tudiants ont con\u00e7u des projets prospectifs s\u2019inscrivant dans les sc\u00e9narios \u201csobres\u201d de l\u2019ADEME pour 2050. Les probl\u00e9matiques abord\u00e9es : adaptation au changement climatique, r\u00e9habilitation des canaux, habitat frugal, r\u00e9emploi des mat\u00e9riaux, partage des usages, r\u00e9silience urbaine et revitalisation du centre-bourg.<\/p>\r\n<p class=\"p1\">Les propositions \u2013 allant du jardin p\u00e9dagogique \u00e0 la piscine communale r\u00e9invent\u00e9e, d\u2019un campus d\u2019\u00e9cologie int\u00e9gr\u00e9e \u00e0 des logements partag\u00e9s en zone inondable \u2013 ont \u00e9t\u00e9 restitu\u00e9es \u00e0 la population et aux \u00e9lus. Elles offrent des pistes concr\u00e8tes pour penser une architecture situ\u00e9e, engag\u00e9e et transformatrice, au service d\u2019une meilleure justice \u00e9cologique et territoriale.<\/p>\r\n<\/div>\r\n<\/div>\r\n<\/div>\r\n<p><i>Enseignants : <\/i>Ste\u0301phane Barriquand et Elodie Mas, co-responsables.<\/p>\r\n<p><i><\/i><i>Etudiants :\u00a0<\/i>Begin Fr\u00e9d\u00e9ric, Burgalassi Jean, Burger Manon, Covelli Lino, Falk Charlotte, Grosset Manuel, Gui Silva Bianca, Jodar Soares Eduardo, Lequeux-Audran Julie, Mouillet Gabrielle, Savey Gautier, Turc Lucie, Turpin Pablo, Vinson Pierre.<i><\/i><\/p>\r\n<p><i>Coordination de l\u2019ouvrage, conception graphique et r\u00e9alisation : <\/i>St\u00e9phane Barriquand et Elodie Mas<\/p>\r\n<p><i>D\u00e9p\u00f4t l\u00e9gal : <\/i>juillet 2024<\/p>\r\n<p><i>ISBN : <\/i><i>978-2-490820-36-8<\/i><\/p>\r\n\r\n\r\n","protected":false},"excerpt":{"rendered":"<div class=\"page\" title=\"Page 250\">\n<div class=\"section\">\n<div class=\"layoutArea\">\n<div class=\"column\">\n<p class=\"p2\">Ce carnet restitue les travaux du domaine d&rsquo;\u00e9tudes en master A2Res (ENSA Lyon) men\u00e9s \u00e0 Castellane (Alpes-de-Haute-Provence), o\u00f9 les \u00e9tudiants ont explor\u00e9 les relations entre architecture, territoire et gestion de l\u2019eau. Dans un contexte de transition \u00e9cologique, les projets proposent des sc\u00e9narios d\u2019habitat r\u00e9silient, de revitalisation urbaine et d\u2019adaptation climatique, en int\u00e9grant ressources locales, biodiversit\u00e9, justice environnementale et engagement habitant.<\/p>\n<\/div>\n<\/div>\n<\/div>\n<\/div>\n","protected":false},"featured_media":3504,"template":"","meta":[],"product_brand":[],"product_cat":[32,46,18,50,44,35],"product_tag":[62,63,55,53],"class_list":{"0":"post-3444","1":"product","2":"type-product","3":"status-publish","4":"has-post-thumbnail","6":"product_cat-gratuit","7":"product_cat-pdf","8":"product_cat-pedagogique","9":"product_cat-sur-le-site","10":"product_cat-telechargeable","11":"product_cat-travaux-pedagogiques","12":"product_tag-architecture","13":"product_tag-debat","14":"product_tag-professions","15":"product_tag-urbanisme","16":"product_shipping_class-telechargement","18":"first","19":"instock","20":"featured","21":"downloadable","22":"virtual","23":"purchasable","24":"product-type-simple"},"jetpack_sharing_enabled":true,"_links":{"self":[{"href":"https:\/\/architecturalpress.org\/index.php\/wp-json\/wp\/v2\/product\/3444","targetHints":{"allow":["GET"]}}],"collection":[{"href":"https:\/\/architecturalpress.org\/index.php\/wp-json\/wp\/v2\/product"}],"about":[{"href":"https:\/\/architecturalpress.org\/index.php\/wp-json\/wp\/v2\/types\/product"}],"wp:featuredmedia":[{"embeddable":true,"href":"https:\/\/architecturalpress.org\/index.php\/wp-json\/wp\/v2\/media\/3504"}],"wp:attachment":[{"href":"https:\/\/architecturalpress.org\/index.php\/wp-json\/wp\/v2\/media?parent=3444"}],"wp:term":[{"taxonomy":"product_brand","embeddable":true,"href":"https:\/\/architecturalpress.org\/index.php\/wp-json\/wp\/v2\/product_brand?post=3444"},{"taxonomy":"product_cat","embeddable":true,"href":"https:\/\/architecturalpress.org\/index.php\/wp-json\/wp\/v2\/product_cat?post=3444"},{"taxonomy":"product_tag","embeddable":true,"href":"https:\/\/architecturalpress.org\/index.php\/wp-json\/wp\/v2\/product_tag?post=3444"}],"curies":[{"name":"wp","href":"https:\/\/api.w.org\/{rel}","templated":true}]}}